{"id":4681,"date":"2025-06-04T13:40:49","date_gmt":"2025-06-04T11:40:49","guid":{"rendered":"https:\/\/vestia.ch\/immobilien\/1601342en-le-nid-daigle\/"},"modified":"2026-04-27T07:54:53","modified_gmt":"2026-04-27T05:54:53","slug":"1601342en-le-nid-daigle","status":"publish","type":"casawp_property","link":"https:\/\/vestia.ch\/en\/immobilien\/1601342en-le-nid-daigle\/","title":{"rendered":"le nid d&#8217;Aigle"},"content":{"rendered":"<h2>un bijou au centre d&#8217;Aigle \u00e0 ne pas laisser passer.<\/h2>\n<p>Nich\u00e9 au coeur historique d&#8217;Aigle, ce magnifique duplex de 4.5 pi\u00e8ces sous les combles est un v\u00e9ritable coup de coeur. Enti\u00e8rement r\u00e9nov\u00e9 avec go\u00fbt, il allie le cachet de l&#8217;ancien &#8211; avec ses poutres apparentes &#8211; \u00e0 un confort moderne, le tout dans un environnement urbain pratique et paisible.<\/p>\n<p>\u00a0<\/p>\n<p>Situ\u00e9 dans le centre du bourg d&#8217;Aigle, dans une charmante petite copropri\u00e9t\u00e9, cet appartement offre une qualit\u00e9 de vie exceptionnelle, \u00e0 deux pas des commerces, des transports, des \u00e9coles, de la gare, des caf\u00e9s et restaurants? tout est accessible \u00e0 pied !<\/p>\n<p>\u00a0<\/p>\n<p>Depuis ses grandes ouvertures en toiture, profitez d&#8217;une vue \u00e0 couper le souffle sur les montagnes environnantes et sur la ville d&#8217;Aigle elle-m\u00eame. Un panorama rare dans un appartement de centre-ville.<\/p>\n<p>\u00a0<\/p>\n<p>Pourquoi vous allez l&#8217;adorer :<\/p>\n<p>\u00a0<\/p>\n<p>Emplacement ultra central : tout \u00e0 port\u00e9e de main<\/p>\n<p>\u00a0<\/p>\n<p>Vue panoramique sur les montagnes et le coeur de la ville<\/p>\n<p>\u00a0<\/p>\n<p>Superbe duplex sous les combles, baign\u00e9 de lumi\u00e8re<\/p>\n<p>\u00a0<\/p>\n<p>Poutres apparentes qui donnent une atmosph\u00e8re chaleureuse et authentique<\/p>\n<p>\u00a0<\/p>\n<p>Cuisine en U moderne, avec \u00e9lectrom\u00e9nagers int\u00e9gr\u00e9s et colonne de lavage<\/p>\n<p>\u00a0<\/p>\n<p>S\u00e9jour spacieux, parfait pour recevoir ou se d\u00e9tendre dans un cadre unique<\/p>\n<p>\u00a0<\/p>\n<p>3 chambres confortables dont une magnifique chambre mansard\u00e9e sous Velux<\/p>\n<p>\u00a0<\/p>\n<p>Petite copropri\u00e9t\u00e9 avec ascenseur jusqu&#8217;au 3e \u00e9tage<\/p>\n<p>\u00a0<\/p>\n<p>Place de parc ext\u00e9rieure en sus (CHF 15&#8217;000.-)<\/p>\n<p>\u00a0<\/p>\n<p>\u00a0<\/p>\n<p>Cet appartement est actuellement lou\u00e9 et peut repr\u00e9senter une belle opportunit\u00e9 d&#8217;investissement locatif, ou convenir \u00e0 un futur propri\u00e9taire \u00e0 la recherche d&#8217;un bien rare et authentique.<\/p>\n<p>\u00a0<\/p>\n<p>Un bijou au centre d&#8217;Aigle \u00e0 ne pas laisser passer.<\/p>\n<p>\u00a0<\/p>\n<p>Contactez-nous d\u00e8s maintenant pour d\u00e9couvrir ce bien unique, obtenir la documentation compl\u00e8te ou planifier une visite !<\/p>\n","protected":false},"excerpt":{"rendered":"<p>Vivre au sommet d&#8217;Aigle : Magnifique duplex avec poutres apparentes et vue imprenable.<\/p>\n","protected":false},"author":0,"featured_media":4682,"parent":0,"menu_order":2,"comment_status":"closed","ping_status":"closed","template":"","meta":{"_acf_changed":false,"inline_featured_image":false,"footnotes":""},"casawp_category":[9],"casawp_feature":[24,92,28,38,41],"casawp_utility":[53],"casawp_location":[118,13,93],"casawp_salestype":[12],"casawp_availability":[7],"casawp_region":[],"class_list":["post-4681","casawp_property","type-casawp_property","status-publish","has-post-thumbnail","hentry","casawp_category-attic-flat","casawp_feature-has-elevator","casawp_feature-has-mountain-view","casawp_feature-has-parking","casawp_feature-is-child-friendly","casawp_feature-is-new","casawp_utility-residential","casawp_location-locality_aigle","casawp_location-country_ch","casawp_location-region_vd","casawp_salestype-buy","casawp_availability-active"],"acf":[],"yoast_head":"<!-- This site is optimized with the Yoast SEO plugin v26.6 - https:\/\/yoast.com\/wordpress\/plugins\/seo\/ -->\n<title>le nid d&#039;Aigle - Vestia Immobilier SA<\/title>\n<meta name=\"robots\" content=\"index, follow, max-snippet:-1, max-image-preview:large, max-video-preview:-1\" \/>\n<link rel=\"canonical\" href=\"https:\/\/vestia.ch\/en\/immobilien\/1601342en-le-nid-daigle\/\" \/>\n<meta property=\"og:locale\" content=\"en_US\" \/>\n<meta property=\"og:type\" content=\"article\" \/>\n<meta property=\"og:title\" content=\"le nid d&#039;Aigle - Vestia Immobilier SA\" \/>\n<meta property=\"og:description\" content=\"Vivre au sommet d&#039;Aigle : Magnifique duplex avec poutres apparentes et vue imprenable.\" \/>\n<meta property=\"og:url\" content=\"https:\/\/vestia.ch\/en\/immobilien\/1601342en-le-nid-daigle\/\" \/>\n<meta property=\"og:site_name\" content=\"Vestia Immobilier SA\" \/>\n<meta property=\"article:modified_time\" content=\"2026-04-27T05:54:53+00:00\" \/>\n<meta name=\"twitter:card\" content=\"summary_large_image\" \/>\n<meta name=\"twitter:label1\" content=\"Est. reading time\" \/>\n\t<meta name=\"twitter:data1\" content=\"1 minute\" \/>\n<script type=\"application\/ld+json\" class=\"yoast-schema-graph\">{\"@context\":\"https:\/\/schema.org\",\"@graph\":[{\"@type\":\"WebPage\",\"@id\":\"https:\/\/vestia.ch\/en\/immobilien\/1601342en-le-nid-daigle\/\",\"url\":\"https:\/\/vestia.ch\/en\/immobilien\/1601342en-le-nid-daigle\/\",\"name\":\"le nid d'Aigle - Vestia Immobilier SA\",\"isPartOf\":{\"@id\":\"https:\/\/vestia.ch\/en\/#website\"},\"primaryImageOfPage\":{\"@id\":\"https:\/\/vestia.ch\/en\/immobilien\/1601342en-le-nid-daigle\/#primaryimage\"},\"image\":{\"@id\":\"https:\/\/vestia.ch\/en\/immobilien\/1601342en-le-nid-daigle\/#primaryimage\"},\"thumbnailUrl\":\"https:\/\/cdn.casasoft.com\/media\/provider-13780\/property-1577768\/18bad6a9dc04f2a77bda8e7e6adba5df.jpeg?p=xl\",\"datePublished\":\"2025-06-04T11:40:49+00:00\",\"dateModified\":\"2026-04-27T05:54:53+00:00\",\"breadcrumb\":{\"@id\":\"https:\/\/vestia.ch\/en\/immobilien\/1601342en-le-nid-daigle\/#breadcrumb\"},\"inLanguage\":\"en-US\",\"potentialAction\":[{\"@type\":\"ReadAction\",\"target\":[\"https:\/\/vestia.ch\/en\/immobilien\/1601342en-le-nid-daigle\/\"]}]},{\"@type\":\"ImageObject\",\"inLanguage\":\"en-US\",\"@id\":\"https:\/\/vestia.ch\/en\/immobilien\/1601342en-le-nid-daigle\/#primaryimage\",\"url\":\"https:\/\/cdn.casasoft.com\/media\/provider-13780\/property-1577768\/18bad6a9dc04f2a77bda8e7e6adba5df.jpeg?p=xl\",\"contentUrl\":\"https:\/\/cdn.casasoft.com\/media\/provider-13780\/property-1577768\/18bad6a9dc04f2a77bda8e7e6adba5df.jpeg?p=xl\"},{\"@type\":\"BreadcrumbList\",\"@id\":\"https:\/\/vestia.ch\/en\/immobilien\/1601342en-le-nid-daigle\/#breadcrumb\",\"itemListElement\":[{\"@type\":\"ListItem\",\"position\":1,\"name\":\"Accueil\",\"item\":\"https:\/\/vestia.ch\/en\/\"},{\"@type\":\"ListItem\",\"position\":2,\"name\":\"Properties\",\"item\":\"https:\/\/vestia.ch\/en\/immobilien\/\"},{\"@type\":\"ListItem\",\"position\":3,\"name\":\"le nid d&rsquo;Aigle\"}]},{\"@type\":\"WebSite\",\"@id\":\"https:\/\/vestia.ch\/en\/#website\",\"url\":\"https:\/\/vestia.ch\/en\/\",\"name\":\"Vestia Immobilier SA\",\"description\":\"\",\"publisher\":{\"@id\":\"https:\/\/vestia.ch\/en\/#organization\"},\"potentialAction\":[{\"@type\":\"SearchAction\",\"target\":{\"@type\":\"EntryPoint\",\"urlTemplate\":\"https:\/\/vestia.ch\/en\/?s={search_term_string}\"},\"query-input\":{\"@type\":\"PropertyValueSpecification\",\"valueRequired\":true,\"valueName\":\"search_term_string\"}}],\"inLanguage\":\"en-US\"},{\"@type\":\"Organization\",\"@id\":\"https:\/\/vestia.ch\/en\/#organization\",\"name\":\"Vestia Immobilier SA\",\"url\":\"https:\/\/vestia.ch\/en\/\",\"logo\":{\"@type\":\"ImageObject\",\"inLanguage\":\"en-US\",\"@id\":\"https:\/\/vestia.ch\/en\/#\/schema\/logo\/image\/\",\"url\":\"https:\/\/vestia.ch\/wp-content\/uploads\/sites\/346\/2024\/08\/logo-vestia-immobilier-colored.png\",\"contentUrl\":\"https:\/\/vestia.ch\/wp-content\/uploads\/sites\/346\/2024\/08\/logo-vestia-immobilier-colored.png\",\"width\":673,\"height\":192,\"caption\":\"Vestia Immobilier SA\"},\"image\":{\"@id\":\"https:\/\/vestia.ch\/en\/#\/schema\/logo\/image\/\"}}]}<\/script>\n<!-- \/ Yoast SEO plugin. -->","yoast_head_json":{"title":"le nid d'Aigle - Vestia Immobilier SA","robots":{"index":"index","follow":"follow","max-snippet":"max-snippet:-1","max-image-preview":"max-image-preview:large","max-video-preview":"max-video-preview:-1"},"canonical":"https:\/\/vestia.ch\/en\/immobilien\/1601342en-le-nid-daigle\/","og_locale":"en_US","og_type":"article","og_title":"le nid d'Aigle - Vestia Immobilier SA","og_description":"Vivre au sommet d'Aigle : Magnifique duplex avec poutres apparentes et vue imprenable.","og_url":"https:\/\/vestia.ch\/en\/immobilien\/1601342en-le-nid-daigle\/","og_site_name":"Vestia Immobilier SA","article_modified_time":"2026-04-27T05:54:53+00:00","twitter_card":"summary_large_image","twitter_misc":{"Est. reading time":"1 minute"},"schema":{"@context":"https:\/\/schema.org","@graph":[{"@type":"WebPage","@id":"https:\/\/vestia.ch\/en\/immobilien\/1601342en-le-nid-daigle\/","url":"https:\/\/vestia.ch\/en\/immobilien\/1601342en-le-nid-daigle\/","name":"le nid d'Aigle - Vestia Immobilier SA","isPartOf":{"@id":"https:\/\/vestia.ch\/en\/#website"},"primaryImageOfPage":{"@id":"https:\/\/vestia.ch\/en\/immobilien\/1601342en-le-nid-daigle\/#primaryimage"},"image":{"@id":"https:\/\/vestia.ch\/en\/immobilien\/1601342en-le-nid-daigle\/#primaryimage"},"thumbnailUrl":"https:\/\/cdn.casasoft.com\/media\/provider-13780\/property-1577768\/18bad6a9dc04f2a77bda8e7e6adba5df.jpeg?p=xl","datePublished":"2025-06-04T11:40:49+00:00","dateModified":"2026-04-27T05:54:53+00:00","breadcrumb":{"@id":"https:\/\/vestia.ch\/en\/immobilien\/1601342en-le-nid-daigle\/#breadcrumb"},"inLanguage":"en-US","potentialAction":[{"@type":"ReadAction","target":["https:\/\/vestia.ch\/en\/immobilien\/1601342en-le-nid-daigle\/"]}]},{"@type":"ImageObject","inLanguage":"en-US","@id":"https:\/\/vestia.ch\/en\/immobilien\/1601342en-le-nid-daigle\/#primaryimage","url":"https:\/\/cdn.casasoft.com\/media\/provider-13780\/property-1577768\/18bad6a9dc04f2a77bda8e7e6adba5df.jpeg?p=xl","contentUrl":"https:\/\/cdn.casasoft.com\/media\/provider-13780\/property-1577768\/18bad6a9dc04f2a77bda8e7e6adba5df.jpeg?p=xl"},{"@type":"BreadcrumbList","@id":"https:\/\/vestia.ch\/en\/immobilien\/1601342en-le-nid-daigle\/#breadcrumb","itemListElement":[{"@type":"ListItem","position":1,"name":"Accueil","item":"https:\/\/vestia.ch\/en\/"},{"@type":"ListItem","position":2,"name":"Properties","item":"https:\/\/vestia.ch\/en\/immobilien\/"},{"@type":"ListItem","position":3,"name":"le nid d&rsquo;Aigle"}]},{"@type":"WebSite","@id":"https:\/\/vestia.ch\/en\/#website","url":"https:\/\/vestia.ch\/en\/","name":"Vestia Immobilier SA","description":"","publisher":{"@id":"https:\/\/vestia.ch\/en\/#organization"},"potentialAction":[{"@type":"SearchAction","target":{"@type":"EntryPoint","urlTemplate":"https:\/\/vestia.ch\/en\/?s={search_term_string}"},"query-input":{"@type":"PropertyValueSpecification","valueRequired":true,"valueName":"search_term_string"}}],"inLanguage":"en-US"},{"@type":"Organization","@id":"https:\/\/vestia.ch\/en\/#organization","name":"Vestia Immobilier SA","url":"https:\/\/vestia.ch\/en\/","logo":{"@type":"ImageObject","inLanguage":"en-US","@id":"https:\/\/vestia.ch\/en\/#\/schema\/logo\/image\/","url":"https:\/\/vestia.ch\/wp-content\/uploads\/sites\/346\/2024\/08\/logo-vestia-immobilier-colored.png","contentUrl":"https:\/\/vestia.ch\/wp-content\/uploads\/sites\/346\/2024\/08\/logo-vestia-immobilier-colored.png","width":673,"height":192,"caption":"Vestia Immobilier SA"},"image":{"@id":"https:\/\/vestia.ch\/en\/#\/schema\/logo\/image\/"}}]}},"_links":{"self":[{"href":"https:\/\/vestia.ch\/en\/wp-json\/wp\/v2\/casawp_property\/4681","targetHints":{"allow":["GET"]}}],"collection":[{"href":"https:\/\/vestia.ch\/en\/wp-json\/wp\/v2\/casawp_property"}],"about":[{"href":"https:\/\/vestia.ch\/en\/wp-json\/wp\/v2\/types\/casawp_property"}],"replies":[{"embeddable":true,"href":"https:\/\/vestia.ch\/en\/wp-json\/wp\/v2\/comments?post=4681"}],"version-history":[{"count":0,"href":"https:\/\/vestia.ch\/en\/wp-json\/wp\/v2\/casawp_property\/4681\/revisions"}],"wp:featuredmedia":[{"embeddable":true,"href":"https:\/\/vestia.ch\/en\/wp-json\/wp\/v2\/media\/4682"}],"wp:attachment":[{"href":"https:\/\/vestia.ch\/en\/wp-json\/wp\/v2\/media?parent=4681"}],"wp:term":[{"taxonomy":"casawp_category","embeddable":true,"href":"https:\/\/vestia.ch\/en\/wp-json\/wp\/v2\/casawp_category?post=4681"},{"taxonomy":"casawp_feature","embeddable":true,"href":"https:\/\/vestia.ch\/en\/wp-json\/wp\/v2\/casawp_feature?post=4681"},{"taxonomy":"casawp_utility","embeddable":true,"href":"https:\/\/vestia.ch\/en\/wp-json\/wp\/v2\/casawp_utility?post=4681"},{"taxonomy":"casawp_location","embeddable":true,"href":"https:\/\/vestia.ch\/en\/wp-json\/wp\/v2\/casawp_location?post=4681"},{"taxonomy":"casawp_salestype","embeddable":true,"href":"https:\/\/vestia.ch\/en\/wp-json\/wp\/v2\/casawp_salestype?post=4681"},{"taxonomy":"casawp_availability","embeddable":true,"href":"https:\/\/vestia.ch\/en\/wp-json\/wp\/v2\/casawp_availability?post=4681"},{"taxonomy":"casawp_region","embeddable":true,"href":"https:\/\/vestia.ch\/en\/wp-json\/wp\/v2\/casawp_region?post=4681"}],"curies":[{"name":"wp","href":"https:\/\/api.w.org\/{rel}","templated":true}]}}